{"id":206,"date":"2020-06-30T11:48:37","date_gmt":"2020-06-30T14:48:37","guid":{"rendered":"http:\/\/cedite.facet.unt.edu.ar\/cedite\/?page_id=206"},"modified":"2026-03-26T00:06:32","modified_gmt":"2026-03-26T03:06:32","slug":"investigacion","status":"publish","type":"page","link":"https:\/\/cedite.facet.unt.edu.ar\/?page_id=206","title":{"rendered":"Investigaci\u00f3n"},"content":{"rendered":"\t\t<div data-elementor-type=\"wp-page\" data-elementor-id=\"206\" class=\"elementor elementor-206\">\n\t\t\t\t\t\t<section class=\"elementor-section elementor-top-section elementor-element elementor-element-13e79be elementor-section-boxed elementor-section-height-default elementor-section-height-default\" data-id=\"13e79be\" data-element_type=\"section\" data-e-type=\"section\">\n\t\t\t\t\t\t<div class=\"elementor-container elementor-column-gap-default\">\n\t\t\t\t\t<div class=\"elementor-column elementor-col-50 elementor-top-column elementor-element elementor-element-6c81821\" data-id=\"6c81821\" data-element_type=\"column\" data-e-type=\"column\">\n\t\t\t<div class=\"elementor-widget-wrap elementor-element-populated\">\n\t\t\t\t\t\t\t<\/div>\n\t\t<\/div>\n\t\t\t\t<div class=\"elementor-column elementor-col-50 elementor-top-column elementor-element elementor-element-dd30b54\" data-id=\"dd30b54\" data-element_type=\"column\" data-e-type=\"column\">\n\t\t\t<div class=\"elementor-widget-wrap elementor-element-populated\">\n\t\t\t\t\t\t<div class=\"elementor-element elementor-element-1ee7063 elementor-widget elementor-widget-toggle\" data-id=\"1ee7063\" data-element_type=\"widget\" data-e-type=\"widget\" data-widget_type=\"toggle.default\">\n\t\t\t\t<div class=\"elementor-widget-container\">\n\t\t\t\t\t\t\t<div class=\"elementor-toggle\">\n\t\t\t\t\t\t\t<div class=\"elementor-toggle-item\">\n\t\t\t\t\t<div id=\"elementor-tab-title-3241\" class=\"elementor-tab-title\" data-tab=\"1\" role=\"button\" aria-controls=\"elementor-tab-content-3241\" aria-expanded=\"false\">\n\t\t\t\t\t\t\t\t\t\t\t\t<span class=\"elementor-toggle-icon elementor-toggle-icon-right\" aria-hidden=\"true\">\n\t\t\t\t\t\t\t\t\t\t\t\t\t\t\t<span class=\"elementor-toggle-icon-closed\"><i class=\"fas fa-chevron-down\"><\/i><\/span>\n\t\t\t\t\t\t\t\t<span class=\"elementor-toggle-icon-opened\"><i class=\"elementor-toggle-icon-opened fas fa-chevron-up\"><\/i><\/span>\n\t\t\t\t\t\t\t\t\t\t\t\t\t<\/span>\n\t\t\t\t\t\t\t\t\t\t\t\t<a class=\"elementor-toggle-title\" tabindex=\"0\">Proyecto Vigente<\/a>\n\t\t\t\t\t<\/div>\n\n\t\t\t\t\t<div id=\"elementor-tab-content-3241\" class=\"elementor-tab-content elementor-clearfix\" data-tab=\"1\" role=\"region\" aria-labelledby=\"elementor-tab-title-3241\"><ul><li>Proyecto <strong>E750<\/strong><em>\u00a0\u201cInvestigaci\u00f3n y Desarrollos para la consolidaci\u00f3n de la Educaci\u00f3n a Distancia en la FACET\u201d<\/em> Per\u00edodo: 2023-2027.<\/li><\/ul><\/div>\n\t\t\t\t<\/div>\n\t\t\t\t\t\t\t<div class=\"elementor-toggle-item\">\n\t\t\t\t\t<div id=\"elementor-tab-title-3242\" class=\"elementor-tab-title\" data-tab=\"2\" role=\"button\" aria-controls=\"elementor-tab-content-3242\" aria-expanded=\"false\">\n\t\t\t\t\t\t\t\t\t\t\t\t<span class=\"elementor-toggle-icon elementor-toggle-icon-right\" aria-hidden=\"true\">\n\t\t\t\t\t\t\t\t\t\t\t\t\t\t\t<span class=\"elementor-toggle-icon-closed\"><i class=\"fas fa-chevron-down\"><\/i><\/span>\n\t\t\t\t\t\t\t\t<span class=\"elementor-toggle-icon-opened\"><i class=\"elementor-toggle-icon-opened fas fa-chevron-up\"><\/i><\/span>\n\t\t\t\t\t\t\t\t\t\t\t\t\t<\/span>\n\t\t\t\t\t\t\t\t\t\t\t\t<a class=\"elementor-toggle-title\" tabindex=\"0\">Proyectos Anteriores<\/a>\n\t\t\t\t\t<\/div>\n\n\t\t\t\t\t<div id=\"elementor-tab-content-3242\" class=\"elementor-tab-content elementor-clearfix\" data-tab=\"2\" role=\"region\" aria-labelledby=\"elementor-tab-title-3242\"><ul><li style=\"font-size: 18px;\">Proyecto\u00a0<strong style=\"font-size: 18px;\">26\/E628<\/strong><em style=\"font-size: 18px;\">\u00a0\u201cInvestigaci\u00f3n y Desarrollos para el fortalecimiento de la Educaci\u00f3n a Distancia en la FACET\u201d<\/em>\u00a0Per\u00edodo: 2018-2022. Categorizado\u00a0<strong style=\"font-size: 18px;\">\u201cB\u201d<\/strong><\/li><li>Proyecto <strong>26\/E525<\/strong> <em>\u201cInvestigaci\u00f3n y desarrollos para la Implementaci\u00f3n de la Educaci\u00f3n a Distancia en la FACET\u201d<\/em> Per\u00edodo 2014-2018. Categorizado<strong> \u201cB\u201d<\/strong><\/li><li>Proyecto <strong>26\/E476<\/strong>, <em>\u201cInvestigaci\u00f3n y desarrollos para la Implementaci\u00f3n de la Educaci\u00f3n a Distancia en la FACET: propuesta de organizaci\u00f3n de un Centro EAD, generaci\u00f3n de grupos de trabajo y dise\u00f1o y dictado de cursos piloto de formaci\u00f3n, extensi\u00f3n y posgrado\u201d<\/em>. Per\u00edodo 2010-2012\/2012-2014 (pr\u00f3rroga). Categorizado <strong>\u201cC\u201d<\/strong><\/li><li>Proyecto <em>\u201cSistematizaci\u00f3n de Estrategias Administrativas, Pedag\u00f3gicas y Tecnol\u00f3gicas para la creaci\u00f3n de un centro de Educaci\u00f3n a Distancia (EAD)\u201d<\/em>, Per\u00edodo 2008-2010.<\/li><\/ul><\/div>\n\t\t\t\t<\/div>\n\t\t\t\t\t\t\t<div class=\"elementor-toggle-item\">\n\t\t\t\t\t<div id=\"elementor-tab-title-3243\" class=\"elementor-tab-title\" data-tab=\"3\" role=\"button\" aria-controls=\"elementor-tab-content-3243\" aria-expanded=\"false\">\n\t\t\t\t\t\t\t\t\t\t\t\t<span class=\"elementor-toggle-icon elementor-toggle-icon-right\" aria-hidden=\"true\">\n\t\t\t\t\t\t\t\t\t\t\t\t\t\t\t<span class=\"elementor-toggle-icon-closed\"><i class=\"fas fa-chevron-down\"><\/i><\/span>\n\t\t\t\t\t\t\t\t<span class=\"elementor-toggle-icon-opened\"><i class=\"elementor-toggle-icon-opened fas fa-chevron-up\"><\/i><\/span>\n\t\t\t\t\t\t\t\t\t\t\t\t\t<\/span>\n\t\t\t\t\t\t\t\t\t\t\t\t<a class=\"elementor-toggle-title\" tabindex=\"0\">Formaci\u00f3n de Recursos Humanos<\/a>\n\t\t\t\t\t<\/div>\n\n\t\t\t\t\t<div id=\"elementor-tab-content-3243\" class=\"elementor-tab-content elementor-clearfix\" data-tab=\"3\" role=\"region\" aria-labelledby=\"elementor-tab-title-3243\"><ul><li><p>Tesis de Posgrado: <em>\u201cEstudio e Implementaci\u00f3n de un Plan de Comunicaci\u00f3n Integral del Centro de Educaci\u00f3n a Distancia e Investigaci\u00f3n en Tecnolog\u00edas Educativas &#8211; CEDITE\u201d<\/em>, autor: <strong>Lic. Nicol\u00e1s Auvieux<\/strong>, Tesis de Maestr\u00eda en Tecnolog\u00edas para la Comunicaci\u00f3n. A\u00f1o: 2021. <strong>Co-Directora:<\/strong> <strong><em>Esp. Ing. <\/em><\/strong><strong><em>Ing L\u00eda Torres Auad<\/em><\/strong>.\u00a0 Resoluci\u00f3n CD N\u00ba 1043\/2021.<\/p><\/li><li>Tesis de Posgrado: <em>\u201cUso de las tic y campa\u00f1as pol\u00edticas. La creaci\u00f3n de nuevos medios de comunicaci\u00f3n en ciclos electorales en Tucum\u00e1n\u201d<\/em>, autora: <strong>Lic. Mar\u00eda Patricia Cabrera Ar\u00e1oz<\/strong>, Tesis de Maestr\u00eda en Tecnolog\u00edas para la Comunicaci\u00f3n. A\u00f1o: 2021. <strong>Co-Directora: Esp. Ing. L\u00eda Torres Auad.<\/strong> Resoluci\u00f3n CD N\u00ba 1024\/2021.<\/li><li><p>Tesis de Posgrado: <em>\u201cLas redes sociales como canal para la contenci\u00f3n social en la Defensor\u00eda del Pueblo de Tucum\u00e1n\u201d<\/em><strong>, <\/strong>autor: <strong>Lic. Santiago Luis Corbal\u00e1n<\/strong>, Tesis de Maestr\u00eda en Tecnolog\u00edas para la Comunicaci\u00f3n. A\u00f1o: 2021. <strong>Co-Directora: Paed IGIP Ing Mar\u00eda Fernanda Guzm\u00e1n<\/strong>. Resoluci\u00f3n CD N\u00ba 1421\/2021.<\/p><\/li><li><p>Tesis de Posgrado: <em>\u201cEl rol del Community Manager educativo en el Instituto JIM Tucum\u00e1n en el nivel superior\u201d<\/em><strong>, <\/strong>alumna<strong>\u00a0Lic. Adriana Guadalupe Lucero<\/strong>, Tesis de Maestr\u00eda en Tecnolog\u00edas para la Comunicaci\u00f3n. A\u00f1o: 2021. <strong>Co-Directora: Paed IGIP Ing<\/strong> <strong>Mar\u00eda Fernanda Guzm\u00e1n.<\/strong> Resoluci\u00f3n CD N\u00ba 1042\/2021.<\/p><\/li><li><p>Tesis de Grado y beca de iniciaci\u00f3n en la investigaci\u00f3n: <em>\u201cInvestigaci\u00f3n del alcance e implementaci\u00f3n de la modalidad de ense\u00f1anza basada en Competencias (EBC) en la plataforma soporte del entorno virtual de la FACET\u201d,<\/em> alumno <strong>Bautista Marcio Emanuel<\/strong>, y dirigido por la <strong><em>Paed IGIP <\/em><\/strong><strong><em>Ing.<\/em><\/strong> <strong>Ma. Fernanda Guzm\u00e1n<\/strong>. Per\u00edodo 2018-2019<\/p><\/li><li>Tesis de Grado: \u201c<em>Clasificaci\u00f3n y Customizaci\u00f3n de herramientas de software dedicadas a la creaci\u00f3n de contenidos educativos: las herramientas de autor\u201d<\/em><strong>, <\/strong>alumno <strong>Gustavo Ariel Jos\u00e9<\/strong>, para la obtenci\u00f3n del t\u00edtulo Licenciado en Inform\u00e1tica de la FACET \u2013 UNT. Presentaci\u00f3n: dic. 2015.<\/li><li>Tesis de Grado: <em>\u201cDise\u00f1o de Secuencias Did\u00e1cticas con eXe-Learning para apoyo a la ense\u00f1anza en la postproducci\u00f3n de audio digital\u201d,<\/em> del alumno <strong>Nicol\u00e1s G. Auvieux<\/strong>, para la obtenci\u00f3n del t\u00edtulo Licenciado en Tecnolog\u00eda Educativa, UTN-FRT. Presentaci\u00f3n final: 08 de marzo de 2014.<\/li><li>Tesis de Grado: <em>\u201c<\/em><em>Bases y pautas para la desarrollo y programaci\u00f3n de recursos educativos en entornos virtuales disponibles para el acceso desde celulares m\u00f3viles<\/em><em>\u201d<\/em><strong>, <\/strong>de la alumna <strong>Gabriela Barraza<\/strong> para la obtenci\u00f3n del t\u00edtulo Licenciada en Inform\u00e1tica de la FACET \u2013 UNT. Presentaci\u00f3n final: 17 de dic. 2013.<\/li><li>Tesis de Grado: <em>\u201c<\/em><em>An\u00e1lisis y evaluaci\u00f3n de factibilidad de interacci\u00f3n entre aplicaciones y la plataforma Moodle<\/em><strong>\u201d, <\/strong>de la alumna <strong>Mariela Vel\u00e1zquez<\/strong> para la obtenci\u00f3n del t\u00edtulo Licenciada en Inform\u00e1tica de la FACET \u2013 UNT. Presentaci\u00f3n final: 17 de dic. 2013.<\/li><\/ul><\/div>\n\t\t\t\t<\/div>\n\t\t\t\t\t\t\t<div class=\"elementor-toggle-item\">\n\t\t\t\t\t<div id=\"elementor-tab-title-3244\" class=\"elementor-tab-title\" data-tab=\"4\" role=\"button\" aria-controls=\"elementor-tab-content-3244\" aria-expanded=\"false\">\n\t\t\t\t\t\t\t\t\t\t\t\t<span class=\"elementor-toggle-icon elementor-toggle-icon-right\" aria-hidden=\"true\">\n\t\t\t\t\t\t\t\t\t\t\t\t\t\t\t<span class=\"elementor-toggle-icon-closed\"><i class=\"fas fa-chevron-down\"><\/i><\/span>\n\t\t\t\t\t\t\t\t<span class=\"elementor-toggle-icon-opened\"><i class=\"elementor-toggle-icon-opened fas fa-chevron-up\"><\/i><\/span>\n\t\t\t\t\t\t\t\t\t\t\t\t\t<\/span>\n\t\t\t\t\t\t\t\t\t\t\t\t<a class=\"elementor-toggle-title\" tabindex=\"0\">Publicaciones<\/a>\n\t\t\t\t\t<\/div>\n\n\t\t\t\t\t<div id=\"elementor-tab-content-3244\" class=\"elementor-tab-content elementor-clearfix\" data-tab=\"4\" role=\"region\" aria-labelledby=\"elementor-tab-title-3244\"><h4 style=\"font-size: 18px;\">A\u00f1o: 2025<\/h4><ul style=\"font-size: 18px; font-family: Roboto, sans-serif;\"><li style=\"font-size: 18px;\"><strong style=\"font-size: 18px;\">&#8220;<b>De lo Tradicional a lo Generativo: Redise\u00f1o Asistido por Inteligencia Artificial de una Asignatura de Grado<\/b><\/strong><strong style=\"font-size: 18px;\">&#8220;<\/strong><\/li><\/ul><p style=\"font-size: 18px; font-family: Roboto, sans-serif;\">Autores: Soria, Marcos E. G.; Nacusse, Pablo M.; Jaimovich, Le\u00f3n; Torres Auad, L\u00eda F.;\u00a0<\/p><p style=\"font-size: 18px; font-family: Roboto, sans-serif;\"><em><em style=\"font-size: 18px;\">Presentado en:<\/em> 2do Congreso Internacional en Inteligencia Artificial y Educaci\u00f3n<\/em><\/p><p><a href=\"https:\/\/drive.google.com\/file\/d\/1NNEqbVgbnnPKW2eFooYQTHdHTSsAfWSf\/view?usp=sharing\" target=\"_blank\" rel=\"noopener\">https:\/\/drive.google.com\/file\/d\/1NNEqbVgbnnPKW2eFooYQTHdHTSsAfWSf\/view?usp=sharing<\/a><\/p><h4 style=\"font-size: 18px;\">A\u00f1o: 2025<\/h4><ul style=\"font-size: 18px; font-family: Roboto, sans-serif;\"><li style=\"font-size: 18px;\"><strong style=\"font-size: 18px;\">&#8220;<strong>Buenas pr\u00e1cticas en la gesti\u00f3n de datos para la toma de decisiones estrat\u00e9gicas en Universidades. Revisi\u00f3n sistem\u00e1tica<\/strong><\/strong><strong style=\"font-size: 18px;\">&#8220;<\/strong><\/li><\/ul><p style=\"font-size: 18px; font-family: Roboto, sans-serif;\">Autores: Reyes, Elsa; Jos\u00e9, Gustavo A.; Torres Auad, L\u00eda F.;\u00a0<\/p><p style=\"font-size: 18px; font-family: Roboto, sans-serif;\"><em><em style=\"font-size: 18px;\">Presentado en:<\/em> 10\u00ba Seminario Internacional de Educaci\u00f3n a Distancia &#8211; RUEDA<\/em><\/p><p><a href=\"https:\/\/drive.google.com\/file\/d\/1tDRtryut3eG9LIbANQ0RUEfV8r1jqAi1\/view?usp=sharing\" target=\"_blank\" rel=\"noopener\">https:\/\/drive.google.com\/file\/d\/1tDRtryut3eG9LIbANQ0RUEfV8r1jqAi1\/view?usp=sharing<\/a><\/p><h4 style=\"font-size: 18px;\">A\u00f1o: 2024<\/h4><ul style=\"font-size: 18px; font-family: Roboto, sans-serif;\"><li style=\"font-size: 18px;\"><strong style=\"font-size: 18px;\">&#8220;Competencias Docentes autopercibidas y las implicancias en una planificaci\u00f3n de formaci\u00f3n continua del Docente<\/strong><strong style=\"font-size: 18px;\">&#8220;<\/strong><\/li><\/ul><p style=\"font-size: 18px; font-family: Roboto, sans-serif;\">Autores: Reyes, Elsa; Jos\u00e9, Gustavo A.; Auvieux, Nicol\u00e1s G.; Soria, Marcos E. G.; Torres Auad, L\u00eda F.;\u00a0<\/p><p style=\"font-size: 18px; font-family: Roboto, sans-serif;\"><em>Investigaciones de Facultades de Ingenier\u00eda del NOA<\/em> -Revista N\u00b010 &#8211; A\u00f1o 2024 ISSN: 1853-6662<\/p><p style=\"font-size: 18px; font-family: Roboto, sans-serif;\"><a href=\"https:\/\/drive.google.com\/file\/d\/1vtAx72LBtURbMub0qBk7VPEOmfoqwYAk\/view?usp=sharing\" target=\"_blank\" rel=\"noopener\">https:\/\/drive.google.com\/file\/d\/1vtAx72LBtURbMub0qBk7VPEOmfoqwYAk\/view?usp=sharing<\/a><\/p><h4 style=\"font-size: 18px;\">A\u00f1o: 2023<\/h4><ul style=\"font-size: 18px; font-family: Roboto, sans-serif;\"><li style=\"font-size: 18px;\"><strong style=\"font-size: 18px;\">&#8220;Los desaf\u00edos de la Educaci\u00f3n a Distancia en la<br \/>FACET y la coyuntura actual de redefiniciones<\/strong><strong style=\"font-size: 18px;\">&#8220;<\/strong><\/li><\/ul><p style=\"font-size: 18px; font-family: Roboto, sans-serif;\">Autores: Torres Auad, L\u00eda F.; Auvieux, Nicol\u00e1s G.; Jos\u00e9, Gustavo A.; Jaimovich, Le\u00f3n; Guzm\u00e1n, Mar\u00eda F.;<\/p><p style=\"font-size: 18px; font-family: Roboto, sans-serif;\"><em>Revista de Ciencias Exactas e Ingenier\u00eda (CET)<\/em> &#8211; N\u00b044 &#8211; A\u00f1o 2023 ISSN: 1668-9178<\/p><p style=\"font-size: 18px; font-family: Roboto, sans-serif;\"><a href=\"https:\/\/www.facet.unt.edu.ar\/revistacet\/wp-content\/uploads\/sites\/28\/2024\/02\/Revista_CET_N_44_2023_54_62.pdf\" target=\"_blank\" rel=\"noopener\">https:\/\/www.facet.unt.edu.ar\/revistacet\/wp-content\/uploads\/sites\/28\/2024\/02\/Revista_CET_N_44_2023_54_62.pdf<\/a><\/p><h4 style=\"font-size: 18px;\">A\u00f1o: 2023<\/h4><ul style=\"font-size: 18px; font-family: Roboto, sans-serif;\"><li style=\"font-size: 18px;\"><strong style=\"font-size: 18px;\">&#8220;<b>Innovaci\u00f3n tecnol\u00f3gica en la educaci\u00f3n superior. Experiencia de una c\u00e1tedra, desde la EaD hasta ChatGPT: sin miedo al \u00e9xito<\/b><\/strong><strong style=\"font-size: 18px;\">&#8220;<\/strong><\/li><\/ul><p style=\"font-size: 18px; font-family: Roboto, sans-serif;\">Autores: Soria, Marcos E. G.;\u00a0M\u00e1s Valdecantos, Marcelo A.;\u00a0Auvieux, Nicol\u00e1s G.;\u00a0Nacusse, Pablo M.;\u00a0Guzm\u00e1n, Mar\u00eda Fernanda;\u00a0Torres Auad, L\u00eda F.<\/p><p style=\"font-size: 18px; font-family: Roboto, sans-serif;\"><em>Investigaciones de Facultades de Ingenier\u00eda del NOA<\/em> -Revista N\u00b09 &#8211; A\u00f1o 2023 ISSN: 1853-6662<\/p><p><a href=\"https:\/\/cedite.facet.unt.edu.ar\/wp-content\/uploads\/2024\/10\/REVISTA-CODINOA-No-9.pdf#page=487\" target=\"_blank\" rel=\"noopener\">https:\/\/cedite.facet.unt.edu.ar\/?p=1778<\/a><\/p><h4 style=\"font-size: 18px;\">A\u00f1o: 2023<\/h4><ul style=\"font-size: 18px; font-family: Roboto, sans-serif;\"><li style=\"font-size: 18px;\"><strong style=\"font-size: 18px;\"><strong style=\"font-size: 18px;\">&#8220;<b>Competencias requeridas por el docente universitario y las necesidades de formaci\u00f3n<\/b><\/strong><\/strong><strong style=\"font-size: 18px;\">&#8220;<\/strong><\/li><\/ul><p style=\"font-size: 18px; font-family: Roboto, sans-serif;\">Autores: <span style=\"font-weight: 400;\">Jos\u00e9, Gustavo A.,<\/span><span style=\"font-weight: 400;\"> Auvieux, Nicol\u00e1s G.<\/span><span style=\"font-weight: 400;\">; Reyes, Elsa B.<\/span><span style=\"font-weight: 400;\">; Jaimovich, Le\u00f3n<\/span><span style=\"font-weight: 400;\">; Martel, Jos\u00e9 E.<\/span><span style=\"font-weight: 400;\">; Guzm\u00e1n, Mar\u00eda F.<\/span><span style=\"font-weight: 400;\">; Torres Auad, L\u00eda F<\/span>.<\/p><p style=\"font-size: 18px; font-family: Roboto, sans-serif;\"><em>Investigaciones de Facultades de Ingenier\u00eda del NOA<\/em> -Revista N\u00b09 &#8211; A\u00f1o 2023 ISSN: 1853-6662<\/p><p><a href=\"https:\/\/cedite.facet.unt.edu.ar\/wp-content\/uploads\/2024\/10\/REVISTA-CODINOA-No-9.pdf#page=443\" target=\"_blank\" rel=\"noopener\">https:\/\/cedite.facet.unt.edu.ar\/?p=1778<\/a><\/p><p style=\"font-size: 18px; font-family: Roboto, sans-serif;\">A\u00f1o: 2023<\/p><ul style=\"font-size: 18px; font-family: Roboto, sans-serif;\"><li style=\"font-size: 18px;\"><strong style=\"font-size: 18px;\">&#8220;La funci\u00f3n tutorial en la virtualidad como un aspecto relevante en la capacitaci\u00f3n docente&#8221;<\/strong><\/li><\/ul><p style=\"font-size: 18px; font-family: Roboto, sans-serif;\">Autores: Reyes, Elsa B., Jos\u00e9, Gustavo A., Auvieux, Nicol\u00e1s G. y Torres Auad, L\u00eda F.<\/p><p style=\"font-size: 18px; font-family: Roboto, sans-serif;\"><em style=\"font-size: 18px;\">Presentado en:<\/em>\u00a0XVIII Congreso en Tecnolog\u00eda en Educaci\u00f3n &amp; Educaci\u00f3n en Tecnolog\u00eda. TEYET<\/p><p style=\"font-size: 18px; font-family: Roboto, sans-serif;\"><a style=\"font-size: 18px; color: #41b7d8;\" href=\"http:\/\/sedici.unlp.edu.ar\/handle\/10915\/155833\" target=\"_blank\" rel=\"noopener\">http:\/\/sedici.unlp.edu.ar\/handle\/10915\/155833<\/a><\/p><h4 style=\"font-size: 18px;\">A\u00f1o: 2022<\/h4><ul style=\"font-size: 18px; font-family: Roboto, sans-serif;\"><li style=\"font-size: 18px;\"><strong style=\"font-size: 18px;\">&#8220;ChatGPT: \u00bfestar o no estar?<\/strong><strong style=\"font-size: 18px;\">&#8220;<\/strong><\/li><\/ul><p style=\"font-size: 18px; font-family: Roboto, sans-serif;\">Autores: Soria, Marcos E. G.; M\u00e1s Valdecantos, Marcelo A.; Auvieux, Nicol\u00e1s G.; Torres Auad, L\u00eda F.<\/p><p style=\"font-size: 18px; font-family: Roboto, sans-serif;\"><em>Revista de Ciencias Exactas e Ingenier\u00eda (CET)<\/em> &#8211; N\u00b043 &#8211; A\u00f1o 2022 ISSN: 1668-9178<\/p><p style=\"font-size: 18px; font-family: Roboto, sans-serif;\"><a href=\"https:\/\/www.facet.unt.edu.ar\/revistacet\/wp-content\/uploads\/sites\/28\/2023\/09\/14_SORIA_ET_AL_CET_43_2022.pdf\" target=\"_blank\" rel=\"noopener\">https:\/\/www.facet.unt.edu.ar\/revistacet\/wp-content\/uploads\/sites\/28\/2023\/09\/14_SORIA_ET_AL_CET_43_2022.pdf<\/a><\/p><p style=\"font-size: 18px; font-family: Roboto, sans-serif;\">A\u00f1o: 2022<\/p><ul style=\"font-size: 18px; font-family: Roboto, sans-serif;\"><li style=\"font-size: 18px;\"><strong style=\"font-size: 18px;\">&#8220;Labor docente en tiempos de pandemia. An\u00e1lisis de una experiencia de capacitaci\u00f3n virtual&#8221;<\/strong><\/li><\/ul><p style=\"font-size: 18px; font-family: Roboto, sans-serif;\">Autores: Jos\u00e9, Gustavo A., Reyes Elsa B. y Torres Auad, L\u00eda F.<\/p><p style=\"font-size: 18px; font-family: Roboto, sans-serif;\"><em style=\"font-size: 18px;\">Presentado en:<\/em>\u00a09\u00ba Seminario Internacional de Educaci\u00f3n a Distancia &#8211; RUEDA<\/p><p><a href=\"https:\/\/rueda.cin.edu.ar\/images\/Libros\/RUEDA-Libro-2023-Experiencias%20y%20reflexiones.pdf#page=358\" target=\"_blank\" rel=\"noopener\">https:\/\/rueda.cin.edu.ar\/images\/Libros\/RUEDA-Libro-2023-Experiencias%20y%20reflexiones.pdf#page=358<\/a><\/p><h4>A\u00f1o: 2020<\/h4><ul><li><strong>&#8220;El desaf\u00edo de la Educaci\u00f3n remota de Emergencia: an\u00e1lisis de experiencias en la FACET&#8221;<\/strong><\/li><\/ul><p>Autores: Torres Auad, L\u00eda F., Guzm\u00e1n, Mar\u00eda Fernanda, Auvieux, Nicol\u00e1s G., Jos\u00e9, Gustavo A. y Martel, Jos\u00e9 Eduardo. (2020) <em>\u00a0<\/em><\/p><p><em>Investigaciones de Facultades de Ingenier\u00eda del NOA<\/em>\u00a0&#8211; Revista N\u00b06 &#8211; A\u00f1o 2020 ISSN: 1853-6662<\/p><p><a href=\"https:\/\/cedite.facet.unt.edu.ar\/wp-content\/uploads\/2024\/10\/Revista-Investigaciones-en-fac-del-NOA-2020-final.pdf#page=527\" target=\"_blank\" rel=\"noopener\">https:\/\/cedite.facet.unt.edu.ar\/wp-content\/uploads\/2024\/10\/Revista-Investigaciones-en-fac-del-NOA-2020-final.pdf#page=527<\/a><\/p><h4>A\u00f1o: 2019<\/h4><ul><li><strong>&#8220;Implementaci\u00f3n de entornos virtuales de aprendizaje en escuelas experimentales de la UNT: desaf\u00edos y logros, experiencia en el Instituto T\u00e9cnico de Aguilares&#8221;<\/strong><\/li><\/ul><p>Autores: Torres Auad, L\u00eda F., Auvieux, Nicol\u00e1s G., Guzm\u00e1n, Mar\u00eda Fernanda, T\u00e1rtalo, Lina P., Jos\u00e9, Gustavo A. y Martel, Jos\u00e9 Eduardo<\/p><p><em>Investigaciones de Facultades de Ingenier\u00eda del NOA<\/em> -Revista N\u00b05 &#8211; A\u00f1o 2019 ISSN: 1853-6662<\/p><p><a href=\"https:\/\/cedite.facet.unt.edu.ar\/wp-content\/uploads\/2024\/10\/05-CODINOA-Revista-5-2019-pag_328.pdf#page=328\" target=\"_blank\" rel=\"noopener\">https:\/\/cedite.facet.unt.edu.ar\/wp-content\/uploads\/2024\/10\/05-CODINOA-Revista-5-2019-pag_328.pdf#page=328<\/a><\/p><h4>A\u00f1o: 2018<\/h4><ul><li><strong>\u201cLas competencias en procesos de ense\u00f1anza-aprendizaje mediados por tecnolog\u00edas\u201d<\/strong><\/li><\/ul><p>Autores: Mar\u00eda Fernanda Guzm\u00e1n, L\u00eda Torres Auad, Nicol\u00e1s G. Auvieux, Jos\u00e9 Eduardo Martel<\/p><p><em>Presentado en: Jornadas en Ingenier\u00eda El\u00e9ctrica, Electr\u00f3nica y Computaci\u00f3n &#8211; 2018<\/em><\/p><p><a href=\"https:\/\/drive.google.com\/file\/d\/1byPBOHBNNCksiLdSYeFFp1u9xbPtmoRv\/view?usp=sharing\" target=\"_blank\" rel=\"noopener\">https:\/\/drive.google.com\/file\/d\/1byPBOHBNNCksiLdSYeFFp1u9xbPtmoRv\/view?usp=sharing<\/a><\/p><h4>A\u00f1o: 2017<\/h4><ul><li><strong>\u00a0<\/strong><strong>\u201cEl desaf\u00edo de dise\u00f1ar y ense\u00f1ar por Competencias. Implementaci\u00f3n en Aulas Virtuales\u201d<\/strong><\/li><\/ul><p>Autores: L\u00eda F. Torres Auad, Mar\u00eda Fernanda Guzm\u00e1n, Nicol\u00e1s G. Auvieux, Ticiano Torres Peralta, Jos\u00e9 Eduardo Martel<\/p><p><em>Presentado en: IV Jornadas de Innovaci\u00f3n Educativa de la Facultad de Ingenier\u00eda &#8211; UNJu<\/em><\/p><p><a href=\"https:\/\/drive.google.com\/file\/d\/1irUNDTqyJ0jZmHmvXHrUs0t9rpJqcu7T\/view?usp=sharing\" target=\"_blank\" rel=\"noopener\">https:\/\/drive.google.com\/file\/d\/1irUNDTqyJ0jZmHmvXHrUs0t9rpJqcu7T\/view?usp=sharing<\/a><\/p><h4>A\u00f1o: 2016<\/h4><ul><li><strong>\u00a0<\/strong><strong>\u201cInnovaci\u00f3n metodol\u00f3gica y optimizaci\u00f3n de procesos de ense\u00f1anza- aprendizaje\u201d<\/strong><\/li><\/ul><p>Autores: Guzm\u00e1n, Mar\u00eda Fernanda, Torres Auad, L\u00eda Fabiana, Auvieux, Nicolas Guillermo, Martel, Eduardo<\/p><p><em>Presentado en: Segundas jornadas de inclusi\u00f3n de pr\u00e1cticas de virtualizaci\u00f3n en la ense\u00f1anza universitaria<\/em><\/p><p><a href=\"https:\/\/drive.google.com\/file\/d\/1qq0bzkFCQxf4Q4A-KvR9Px9nAZxnVA9m\/view?usp=sharing\" target=\"_blank\" rel=\"noopener\">https:\/\/drive.google.com\/file\/d\/1jWREm5rvZrnpzod4_Dyw2PNDwZ98qfZ_\/view?usp=sharing<\/a><\/p><ul><li><strong>\u201cUna experiencia sobre inclusi\u00f3n de virtualizaci\u00f3n en un Programa de Formaci\u00f3n Pedag\u00f3gica Universitaria a Distancia en la UNT\u201d<\/strong><\/li><\/ul><p>Autores: Pizarro, Anal\u00eda; Torres Auad, L\u00eda; Campos, Norma; Guzm\u00e1n, Fernanda; Grande, M.In\u00e9s; Ruiz de Huidobro, Susana<\/p><p><em>Presentado en<\/em>: <em>Segundas jornadas de inclusi\u00f3n de pr\u00e1cticas de virtualizaci\u00f3n en la ense\u00f1anza universitaria<\/em><\/p><p><a href=\"https:\/\/drive.google.com\/file\/d\/1597de2AZAX6l4gBds9ykJVaFPNCCrYUj\/view?usp=sharing\" target=\"_blank\" rel=\"noopener\">https:\/\/drive.google.com\/file\/d\/1-_gYyBGNd5KnbscS-esICVjMRrrH7ZO9\/view?usp=sharing<\/a><\/p><h4>A\u00f1o: 2015<\/h4><ul><li><strong>\u201cB\u00fasqueda y Evaluaci\u00f3n de Objetos de Aprendizaje para la ense\u00f1anza del Modelado de Bases de Datos\u201d<\/strong><\/li><\/ul><p>Autores: L\u00eda Torres Auad y Pedro Willging.<\/p><p><em>Publicado en:<\/em> <strong>REVISTA TEYET<\/strong>: <a href=\"http:\/\/sedici.unlp.edu.ar\/handle\/10915\/50747\" target=\"_blank\" rel=\"noopener\">http:\/\/sedici.unlp.edu.ar\/handle\/10915\/50747<\/a><\/p><ul><li><strong>\u201cPautas para la actualizaci\u00f3n de la Plataforma Moodle entre versiones distantes. Una experiencia concreta\u201d<\/strong><\/li><\/ul><p>Autores: Mar\u00eda Fernanda Guzm\u00e1n, Pablo J. Rodr\u00edguez Rey, L\u00eda F. Torres Auad, Nicol\u00e1s G. Auvieux, Julio A. Escalante Figueroa, Ticiano Torres Peralta<\/p><p><em>Presentado en: CACIC <\/em>Congreso Argentino de Ciencias de la Computaci\u00f3n<\/p><p><a href=\"http:\/\/sedici.unlp.edu.ar\/handle\/10915\/50236\" target=\"_blank\" rel=\"noopener\">http:\/\/sedici.unlp.edu.ar\/handle\/10915\/50236<\/a><\/p><ul><li><strong>\u201cTecnolog\u00eda y motivaci\u00f3n para el aprendizaje. La inclusi\u00f3n de animaciones en la producci\u00f3n de materiales multimediales\u201d <\/strong><\/li><\/ul><p>Autores: Torres Auad, L\u00eda F.; Pepe, Juan Pablo; Auvieux, Nicol\u00e1s G.; Guzm\u00e1n, Ma. Fernanda, Martel, Eduardo; Rodr\u00edguez Rey, Pablo J.; L\u00f3pez, Estela y Maciel Rodr\u00edguez, Ma. L<\/p><p><em>Presentado en: X Jornadas de Ciencia y Tecnolog\u00eda de Facultades de Ingenier\u00eda del Noa.<\/em><\/p><p><a href=\"https:\/\/drive.google.com\/file\/d\/1ZB09TzCvIn3zmpTcwOZy4dOKOsJSmOej\/view?usp=sharing\" target=\"_blank\" rel=\"noopener\">https:\/\/drive.google.com\/file\/d\/0BwNT0XRIgflIcjFRa2tmSS1ud00\/view?usp=sharing<\/a><\/p><h4>A\u00f1o: 2014<\/h4><ul><li><strong>\u201cImplementaci\u00f3n de la modalidad virtual en la FACET\u201d <\/strong><\/li><\/ul><p>Autores: Guzm\u00e1n, Mar\u00eda Fernanda, Torres Auad, Lia Fabiana, Auvieux, Nicol\u00e1s Guillermo<\/p><p><em>Presentado en: Jornadas 2014 en Ingenier\u00eda El\u00e9ctrica, Electr\u00f3nica y Computaci\u00f3n DEEC \u2013 FACET \u2013 UNT<\/em><\/p><p><a href=\"https:\/\/drive.google.com\/file\/d\/0B1r9DgB37p3lNUlGb3RHSjBxRkE\/view?usp=sharing&amp;resourcekey=0-WizqxIW8BrkhgHmxI-lzHQ\" target=\"_blank\" rel=\"noopener\">https:\/\/drive.google.com\/file\/d\/0B1r9DgB37p3lNUlGb3RHSjBxRkE\/view?usp=sharing&amp;resourcekey=0-WizqxIW8BrkhgHmxI-lzHQ<\/a><\/p><h4>A\u00f1o: 2013<\/h4><ul><li><strong>\u201cHacia la desmitificaci\u00f3n del antagonismo entre los conceptos: Repositorios institucionales, derechos de autor, rentabilidad econ\u00f3mica conocimiento abierto.<\/strong><\/li><\/ul><p>Autores: Eliana Sarris, Ricardo Garc\u00eda, Eduardo Martel.<\/p><p><em>Presentado en: 6to. Seminario internacional de Educaci\u00f3n a Distancia; la educaci\u00f3n en tiempos de convergencia tecnol\u00f3gica\u201d. Mendoza<\/em><\/p><p><a href=\"http:\/\/www.uncu.edu.ar\/seminario_rueda\/upload\/t157.pdf\" target=\"_blank\" rel=\"noopener\">http:\/\/www.uncu.edu.ar\/seminario_rueda\/upload\/t157.pdf<\/a><\/p><ul><li><strong>\u201cHacia un cambio de paradigma en la ense\u00f1anza de la Matem\u00e1tica a trav\u00e9s del impacto de las TIC. Una experiencia en Ciencias Exactas\u201d<\/strong><\/li><\/ul><p>Autores: L\u00eda Torres Auad, Estela L\u00f3pez, Nicol\u00e1s Auvieux.<\/p><p><em>Presentado en: 6to. Seminario internacional de Educaci\u00f3n a Distancia; la educaci\u00f3n en tiempos de convergencia tecnol\u00f3gica\u201d. Mendoza. <\/em><\/p><p><a href=\"http:\/\/www.uncu.edu.ar\/seminario_rueda\/upload\/t224.pdf\" target=\"_blank\" rel=\"noopener\">http:\/\/www.uncu.edu.ar\/seminario_rueda\/upload\/t224.pdf<\/a><\/p><ul><li><strong>\u201cEntornos Virtuales de Aprendizaje en la educaci\u00f3n superior: riesgos y promesas. Claves para el dise\u00f1o e implementaci\u00f3n de aulas virtuales y extendidas\u201d<\/strong><\/li><\/ul><p>Autores: L\u00eda Torres Auad, Ricardo Garc\u00eda, Eduardo Martel, Pablo Rodr\u00edguez Rey, Mar\u00eda Fernanda Guzm\u00e1n, Julio Escalante Figueroa y Nicol\u00e1s Auvieux.<\/p><p>Publicado en: \u00a0<strong>CET \u2013 Revista de la FACET \u2013 UNT.<\/strong> C\u00f3digo ISSN: 1668 \u20139178 <strong>(versi\u00f3n digital)\u00a0<\/strong><\/p><p><a href=\"https:\/\/www.facet.unt.edu.ar\/revistacet\/wp-content\/uploads\/sites\/28\/2023\/03\/n36doc02.pdf\" target=\"_blank\" rel=\"noopener\">https:\/\/www.facet.unt.edu.ar\/revistacet\/wp-content\/uploads\/sites\/28\/2023\/03\/n36doc02.pdf<\/a><\/p><h4>A\u00f1o: 2012<\/h4><ul><li><strong>\u201cEficacia en la funci\u00f3n tutorial en Entornos Mediados de Aprendizaje\u201d<\/strong><\/li><\/ul><p>Autores: L\u00eda Torres Auad, Mar\u00eda Fernanda Guzm\u00e1n, Ricardo Garc\u00eda, Julio Escalante Figueroa, Pablo Rodr\u00edguez Rey,\u00a0 y Nicol\u00e1s Auvieux.<\/p><p><em>Publicado en:<\/em> <strong>REVISTA TEYET. <\/strong><a href=\"http:\/\/sedici.unlp.edu.ar\/handle\/10915\/18317\" target=\"_blank\" rel=\"noopener\">http:\/\/sedici.unlp.edu.ar\/handle\/10915\/18317<\/a><\/p><h4>A\u00f1o: 2011<\/h4><ul><li><strong>\u201cHacia una Deconstrucci\u00f3n del Paradigma Educativo Tradicional: la Modalidad Virtual en la FACET\u201d<\/strong><\/li><\/ul><p>Autores: Ricardo Garc\u00eda y L\u00eda Torres Auad<\/p><p><em>Publicado en:<\/em>\u00a0 <strong>CET \u2013 Revista de la FACET \u2013 UNT.<\/strong> <em>C\u00f3digo ISSN: 1668 \u20139178<\/em><\/p><p><a href=\"https:\/\/www.facet.unt.edu.ar\/revistacet\/wp-content\/uploads\/sites\/28\/2023\/04\/cet33doc02.pdf\" target=\"_blank\" rel=\"noopener\">https:\/\/www.facet.unt.edu.ar\/revistacet\/wp-content\/uploads\/sites\/28\/2023\/04\/cet33doc02.pdf<\/a><\/p><ul><li><strong>&#8220;TICs y sociedad: inclusi\u00f3n educativa para ni\u00f1os hospitalizados&#8221;<\/strong><\/li><\/ul><p>Autores: L\u00eda Torres Auad, Mar\u00eda Fernanda Guzm\u00e1n, Ricardo Garc\u00eda, Julio Escalante Figueroa, Pablo Rodr\u00edguez Rey, y Nicol\u00e1s Auvieux.<\/p><p><em>Presentado en: Congreso Internacional: Educaci\u00f3n y Comunicaci\u00f3n \u2013 Estrategias de Alfabetizaci\u00f3n Medi\u00e1tica<\/em>, Barcelona, Espa\u00f1a.<\/p><p><a href=\"https:\/\/drive.google.com\/file\/d\/1WVedPJPIhxgr1j18LjY45eT5XtU4FR4N\/view?usp=sharing\" target=\"_blank\" rel=\"noopener\">https:\/\/drive.google.com\/file\/d\/1WVedPJPIhxgr1j18LjY45eT5XtU4FR4N\/view?usp=sharing<\/a><\/p><ul><li><strong>\u201cInclusi\u00f3n y Educaci\u00f3n, una comunidad virtual como apoyo psico-emocional y educativo en situaciones de vulnerabilidad\u201d<\/strong><\/li><\/ul><p>Autores: L\u00eda Torres Auad, Mar\u00eda Fernanda Guzm\u00e1n, Ricardo Garc\u00eda, Julio Escalante Figueroa, Pablo Rodr\u00edguez Rey, y Nicol\u00e1s Auvieux.<\/p><p><em>Presentado en: VI Jornadas de Ciencia y Tecnolog\u00eda de Facultades de Ingenier\u00eda del Noa.<\/em><\/p><p><a href=\"https:\/\/drive.google.com\/file\/d\/1FNQH-ZZe9rU_e_e7UzYo3uwG2CFRwf6Y\/view?usp=sharing\" target=\"_blank\" rel=\"noopener\">https:\/\/drive.google.com\/file\/d\/1FNQH-ZZe9rU_e_e7UzYo3uwG2CFRwf6Y\/view?usp=sharing<\/a><\/p><h4>A\u00f1o: 2009<\/h4><ul><li><strong>\u201cHacia la Modalidad Virtual, de la conceptualizaci\u00f3n a la pr\u00e1ctica\u201d<\/strong><\/li><\/ul><p>Autores: L\u00eda Torres Auad y Ricardo Garc\u00eda<\/p><p>Presentado en: <em>VirtualEduca, Buenos Aires. <\/em><\/p><p><a href=\"https:\/\/drive.google.com\/file\/d\/1XdRTSNCe-keLJN6VxgwXxCtBr1YWkVz6\/view?usp=sharing\" target=\"_blank\" rel=\"noopener\">https:\/\/drive.google.com\/file\/d\/1XdRTSNCe-keLJN6VxgwXxCtBr1YWkVz6\/view?usp=sharing<\/a><\/p><p>\u00a0<\/p><\/div>\n\t\t\t\t<\/div>\n\t\t\t\t\t\t\t\t<\/div>\n\t\t\t\t\t\t<\/div>\n\t\t\t\t<\/div>\n\t\t\t\t<div class=\"elementor-element elementor-element-a06a89c elementor-align-center elementor-widget elementor-widget-button\" data-id=\"a06a89c\" data-element_type=\"widget\" data-e-type=\"widget\" data-widget_type=\"button.default\">\n\t\t\t\t<div class=\"elementor-widget-container\">\n\t\t\t\t\t\t\t\t\t<div class=\"elementor-button-wrapper\">\n\t\t\t\t\t<a class=\"elementor-button elementor-button-link elementor-size-sm\" href=\"https:\/\/cedite.facet.unt.edu.ar\/?page_id=280\">\n\t\t\t\t\t\t<span class=\"elementor-button-content-wrapper\">\n\t\t\t\t\t\t\t\t\t<span class=\"elementor-button-text\">Ir a Publicaciones<\/span>\n\t\t\t\t\t<\/span>\n\t\t\t\t\t<\/a>\n\t\t\t\t<\/div>\n\t\t\t\t\t\t\t\t<\/div>\n\t\t\t\t<\/div>\n\t\t\t\t\t<\/div>\n\t\t<\/div>\n\t\t\t\t\t<\/div>\n\t\t<\/section>\n\t\t\t\t<\/div>\n\t\t","protected":false},"excerpt":{"rendered":"<p>Proyecto Vigente Proyecto E750\u00a0\u201cInvestigaci\u00f3n y Desarrollos para la consolidaci\u00f3n de la Educaci\u00f3n a Distancia en la FACET\u201d Per\u00edodo: 2023-2027. Proyectos Anteriores Proyecto\u00a026\/E628\u00a0\u201cInvestigaci\u00f3n y Desarrollos para el fortalecimiento de la Educaci\u00f3n a Distancia en la FACET\u201d\u00a0Per\u00edodo: 2018-2022. Categorizado\u00a0\u201cB\u201d Proyecto 26\/E525 \u201cInvestigaci\u00f3n y desarrollos para la Implementaci\u00f3n de la Educaci\u00f3n a Distancia en la FACET\u201d Per\u00edodo 2014-2018. [&hellip;]<\/p>\n","protected":false},"author":1,"featured_media":0,"parent":0,"menu_order":0,"comment_status":"closed","ping_status":"closed","template":"","meta":{"_vp_format_video_url":"","_vp_image_focal_point":[],"footnotes":""},"class_list":["post-206","page","type-page","status-publish","hentry"],"_links":{"self":[{"href":"https:\/\/cedite.facet.unt.edu.ar\/index.php?rest_route=\/wp\/v2\/pages\/206","targetHints":{"allow":["GET"]}}],"collection":[{"href":"https:\/\/cedite.facet.unt.edu.ar\/index.php?rest_route=\/wp\/v2\/pages"}],"about":[{"href":"https:\/\/cedite.facet.unt.edu.ar\/index.php?rest_route=\/wp\/v2\/types\/page"}],"author":[{"embeddable":true,"href":"https:\/\/cedite.facet.unt.edu.ar\/index.php?rest_route=\/wp\/v2\/users\/1"}],"replies":[{"embeddable":true,"href":"https:\/\/cedite.facet.unt.edu.ar\/index.php?rest_route=%2Fwp%2Fv2%2Fcomments&post=206"}],"version-history":[{"count":292,"href":"https:\/\/cedite.facet.unt.edu.ar\/index.php?rest_route=\/wp\/v2\/pages\/206\/revisions"}],"predecessor-version":[{"id":2862,"href":"https:\/\/cedite.facet.unt.edu.ar\/index.php?rest_route=\/wp\/v2\/pages\/206\/revisions\/2862"}],"wp:attachment":[{"href":"https:\/\/cedite.facet.unt.edu.ar\/index.php?rest_route=%2Fwp%2Fv2%2Fmedia&parent=206"}],"curies":[{"name":"wp","href":"https:\/\/api.w.org\/{rel}","templated":true}]}}